{"id":140,"date":"2016-04-22T17:43:04","date_gmt":"2016-04-22T16:43:04","guid":{"rendered":"http:\/\/commune-loffre.fr\/?page_id=140"},"modified":"2017-08-02T21:15:22","modified_gmt":"2017-08-02T20:15:22","slug":"intercommunalite","status":"publish","type":"page","link":"http:\/\/commune-loffre.fr\/index.php\/municipalie\/intercommunalite\/","title":{"rendered":"Intercommunalit\u00e9"},"content":{"rendered":"<div class=\"wpb-content-wrapper\"><p>[vc_row][vc_column][vc_column_text]<\/p>\n<div align=\"justify\"><span style=\"text-decoration: underline;\"><strong><img loading=\"lazy\" decoding=\"async\" class=\"size-full wp-image-151 alignnone\" src=\"http:\/\/commune-loffre.fr\/wp-content\/uploads\/2016\/04\/SMTD.jpg\" alt=\"SMTD\" width=\"56\" height=\"55\" \/><\/strong><\/span><a href=\"http:\/\/www.smtd.fr\/\"><strong>Syndicat Mixte des Transports du Douaisis<\/strong><\/a><\/div>\n<div align=\"justify\">Organisation et exploitation du r\u00e9seau de transports publics par autobus.<\/div>\n<div style=\"text-align: left;\" align=\"justify\">\n<hr \/>\n<\/div>\n<div align=\"justify\">\n<div style=\"text-align: left;\" align=\"justify\"><strong><img loading=\"lazy\" decoding=\"async\" class=\"size-medium wp-image-146 alignnone\" src=\"http:\/\/commune-loffre.fr\/wp-content\/uploads\/2016\/04\/scot.jpg\" alt=\"scot\" width=\"53\" height=\"55\" \/><\/strong><a href=\"http:\/\/www.scot-douaisis.org\/spip.php?article24\"><strong> Syndicat Mixte du SCOT Grand Douaisis<\/strong><\/a><\/div>\n<div align=\"justify\">Mise en \u0153uvre du Sch\u00e9ma de Coh\u00e9rence Territoriale afin de pr\u00e9server un \u00e9quilibre entre les zones urbaines, industrielles, touristiques, agricoles et naturelles.<\/div>\n<div align=\"justify\">\n<hr \/>\n<\/div>\n<\/div>\n<div align=\"justify\">\n<div align=\"justify\"><a href=\"http:\/\/www.cc-coeurdostrevent.fr\/\"><strong><img loading=\"lazy\" decoding=\"async\" class=\"size-medium wp-image-145 alignnone\" src=\"http:\/\/commune-loffre.fr\/wp-content\/uploads\/2016\/04\/coeur02-3site180-2.jpg\" alt=\"coeur02-3site180-2\" width=\"55\" height=\"55\" \/><\/strong><strong>Communaut\u00e9 de communes Coeur d&rsquo;Ostrevent<\/strong><\/a><\/div>\n<div align=\"justify\">D\u00e9veloppement \u00e9conomique et touristique, am\u00e9nagement de l\u2019espace, politique du logement et du cadre de vie, technique de l\u2019information et de la communication, protection et mise en valeur de l\u2019environnement, politique de la ville, assainissement, distribution d\u2019\u00e9nergie \u00e9lectrique, politique culturelle et sportive.<\/div>\n<\/div>\n<div align=\"left\">\n<hr \/>\n<\/div>\n<div align=\"left\"><strong><img loading=\"lazy\" decoding=\"async\" class=\"size-full wp-image-144 alignnone\" src=\"http:\/\/commune-loffre.fr\/wp-content\/uploads\/2016\/04\/sicaei.jpg\" alt=\"sicaei\" width=\"158\" height=\"55\" \/><span style=\"color: #00ccff;\">Syndicat intercommunal d&rsquo;Aide \u00e0 l&rsquo;Enfance Inadapt\u00e9e<\/span><\/strong><\/div>\n<div align=\"justify\">\n<div align=\"justify\">Aide \u00e0 l\u2019enfance inadapt\u00e9e sous toutes ses formes. Soutenir les efforts des parents d\u2019enfants inadapt\u00e9s, de leurs associations, d\u2019une mani\u00e8re g\u00e9n\u00e9rale de la population handicap\u00e9e.<\/div>\n<\/div>\n<div align=\"justify\">\n<hr \/>\n<\/div>\n<div align=\"justify\"><a href=\"http:\/\/www.noreade.fr\/\"><strong><img loading=\"lazy\" decoding=\"async\" class=\"size-medium wp-image-149 alignnone\" src=\"http:\/\/commune-loffre.fr\/wp-content\/uploads\/2016\/04\/noreade.jpg\" alt=\"noreade\" width=\"75\" height=\"55\" \/><\/strong><\/a><a href=\"http:\/\/www.noreade.fr\/\"><strong>Syndicat Interd\u00e9partemental des Eaux du Nord de la France NOREADE<\/strong><\/a><\/div>\n<div align=\"justify\">\n<div align=\"justify\">Gestion et distribution de l\u2019eau potable dans le nord de la France.<\/div>\n<\/div>\n<div align=\"justify\">\n<hr \/>\n<\/div>\n<div align=\"justify\"><a href=\"http:\/\/www.siaved.fr\/\"><strong><img loading=\"lazy\" decoding=\"async\" class=\"size-medium wp-image-150 alignnone\" src=\"http:\/\/commune-loffre.fr\/wp-content\/uploads\/2016\/04\/logo_siaved.jpg\" alt=\"logo_siaved\" width=\"48\" height=\"55\" \/><\/strong><\/a><a href=\"http:\/\/www.siaved.fr\/\"><strong>Syndicat Inter-Arrondissement de Valorisation et d\u2019\u00c9limination des D\u00e9chets<\/strong><\/a><\/div>\n<div align=\"justify\">\n<hr \/>\n<\/div>\n<div align=\"justify\"><a href=\"http:\/\/www.syndicatscarpe-aval.fr\/accueil.html\"><strong><img loading=\"lazy\" decoding=\"async\" class=\"size-medium wp-image-148 alignnone\" src=\"http:\/\/commune-loffre.fr\/wp-content\/uploads\/2016\/04\/Sans-titre-1-300x52.jpg\" alt=\"Sans-titre-1\" width=\"300\" height=\"52\" srcset=\"http:\/\/commune-loffre.fr\/wp-content\/uploads\/2016\/04\/Sans-titre-1-300x52.jpg 300w, http:\/\/commune-loffre.fr\/wp-content\/uploads\/2016\/04\/Sans-titre-1.jpg 315w\" sizes=\"(max-width: 300px) 100vw, 300px\" \/><\/strong><\/a><strong><a href=\"http:\/\/www.syndicatscarpe-aval.fr\/accueil.html\">SMAHVSBE<\/a><\/strong><\/div>\n<div align=\"justify\">Sa comp\u00e9tence est de g\u00e9rer durablement le bon \u00e9coulement des eaux pluviales exc\u00e9dentaires du bassin versant dans un souci constant de bonne gestion des eaux, de protection et de pr\u00e9servation de la qualit\u00e9 de l&rsquo;environnement.<\/div>\n<p>[\/vc_column_text][\/vc_column][\/vc_row]<\/p>\n<\/div>","protected":false},"excerpt":{"rendered":"<p>[vc_row][vc_column][vc_column_text] Syndicat Mixte des Transports du Douaisis Organisation et exploitation du r\u00e9seau de transports publics par autobus. Syndicat Mixte du SCOT Grand Douaisis Mise en \u0153uvre du Sch\u00e9ma de Coh\u00e9rence&#8230; <a href=\"http:\/\/commune-loffre.fr\/index.php\/municipalie\/intercommunalite\/\">Read more &raquo;<\/a><\/p>\n","protected":false},"author":1,"featured_media":0,"parent":38,"menu_order":0,"comment_status":"closed","ping_status":"closed","template":"","meta":{"footnotes":""},"_links":{"self":[{"href":"http:\/\/commune-loffre.fr\/index.php\/wp-json\/wp\/v2\/pages\/140"}],"collection":[{"href":"http:\/\/commune-loffre.fr\/index.php\/wp-json\/wp\/v2\/pages"}],"about":[{"href":"http:\/\/commune-loffre.fr\/index.php\/wp-json\/wp\/v2\/types\/page"}],"author":[{"embeddable":true,"href":"http:\/\/commune-loffre.fr\/index.php\/wp-json\/wp\/v2\/users\/1"}],"replies":[{"embeddable":true,"href":"http:\/\/commune-loffre.fr\/index.php\/wp-json\/wp\/v2\/comments?post=140"}],"version-history":[{"count":11,"href":"http:\/\/commune-loffre.fr\/index.php\/wp-json\/wp\/v2\/pages\/140\/revisions"}],"predecessor-version":[{"id":2341,"href":"http:\/\/commune-loffre.fr\/index.php\/wp-json\/wp\/v2\/pages\/140\/revisions\/2341"}],"up":[{"embeddable":true,"href":"http:\/\/commune-loffre.fr\/index.php\/wp-json\/wp\/v2\/pages\/38"}],"wp:attachment":[{"href":"http:\/\/commune-loffre.fr\/index.php\/wp-json\/wp\/v2\/media?parent=140"}],"curies":[{"name":"wp","href":"https:\/\/api.w.org\/{rel}","templated":true}]}}